{"id":2864,"date":"2022-12-21T16:13:00","date_gmt":"2022-12-21T15:13:00","guid":{"rendered":"https:\/\/www.adlerschwarzwald.de\/shopping\/"},"modified":"2026-04-07T11:36:32","modified_gmt":"2026-04-07T09:36:32","slug":"shopping","status":"publish","type":"page","link":"https:\/\/www.adlerschwarzwald.de\/en-gb\/shopping\/","title":{"rendered":"Shopping"},"content":{"rendered":"[vc_row type=&#8221;in_container&#8221; full_screen_row_position=&#8221;middle&#8221; column_margin=&#8221;default&#8221; column_direction=&#8221;default&#8221; column_direction_tablet=&#8221;default&#8221; column_direction_phone=&#8221;default&#8221; scene_position=&#8221;center&#8221; top_margin=&#8221;50&#8243; constrain_group_7=&#8221;yes&#8221; bottom_margin=&#8221;50&#8243; text_color=&#8221;dark&#8221; text_align=&#8221;left&#8221; row_border_radius=&#8221;none&#8221; row_border_radius_applies=&#8221;bg&#8221; overflow=&#8221;visible&#8221; advanced_gradient_angle=&#8221;0&#8243; overlay_strength=&#8221;0.3&#8243; gradient_direction=&#8221;left_to_right&#8221; shape_divider_position=&#8221;bottom&#8221; bg_image_animation=&#8221;none&#8221; gradient_type=&#8221;default&#8221; shape_type=&#8221;&#8221;][vc_column column_padding=&#8221;no-extra-padding&#8221; column_padding_tablet=&#8221;inherit&#8221; column_padding_phone=&#8221;inherit&#8221; column_padding_position=&#8221;all&#8221; column_element_spacing=&#8221;default&#8221; centered_text=&#8221;true&#8221; background_color_opacity=&#8221;1&#8243; background_hover_color_opacity=&#8221;1&#8243; column_shadow=&#8221;none&#8221; column_border_radius=&#8221;none&#8221; column_link_target=&#8221;_self&#8221; column_position=&#8221;default&#8221; advanced_gradient_angle=&#8221;0&#8243; gradient_direction=&#8221;left_to_right&#8221; overlay_strength=&#8221;0.3&#8243; width=&#8221;1\/1&#8243; tablet_width_inherit=&#8221;default&#8221; tablet_text_alignment=&#8221;default&#8221; phone_text_alignment=&#8221;default&#8221; animation_type=&#8221;default&#8221; bg_image_animation=&#8221;none&#8221; border_type=&#8221;simple&#8221; column_border_width=&#8221;none&#8221; column_border_style=&#8221;solid&#8221; gradient_type=&#8221;default&#8221;][vc_custom_heading text=&#8221;<b>LOCAL<\/b> STOCKISTS &#8221; font_container=&#8221;tag:h1|font_size:4em|text_align:center|color:%23ffffff&#8221; google_fonts=&#8221;font_family:Open%20Sans%3A300%2C300italic%2Cregular%2Citalic%2C600%2C600italic%2C700%2C700italic%2C800%2C800italic|font_style:300%20light%20regular%3A300%3Anormal&#8221; css_animation=&#8221;bounceInUp&#8221;][nectar_icon icon_family=&#8221;fontawesome&#8221; icon_style=&#8221;default&#8221; icon_color_type=&#8221;color_scheme&#8221; icon_color=&#8221;white&#8221; icon_padding=&#8221;0px&#8221; icon_fontawesome=&#8221;fa fa-angle-down&#8221; icon_size=&#8221;60&#8243;][\/vc_column][\/vc_row][vc_row type=&#8221;in_container&#8221; full_screen_row_position=&#8221;middle&#8221; column_margin=&#8221;default&#8221; column_direction=&#8221;default&#8221; column_direction_tablet=&#8221;default&#8221; column_direction_phone=&#8221;default&#8221; scene_position=&#8221;center&#8221; bottom_margin=&#8221;100&#8243; text_color=&#8221;dark&#8221; text_align=&#8221;left&#8221; row_border_radius=&#8221;none&#8221; row_border_radius_applies=&#8221;bg&#8221; overflow=&#8221;visible&#8221; advanced_gradient_angle=&#8221;0&#8243; overlay_strength=&#8221;0.3&#8243; gradient_direction=&#8221;left_to_right&#8221; shape_divider_position=&#8221;bottom&#8221; bg_image_animation=&#8221;none&#8221; gradient_type=&#8221;default&#8221; shape_type=&#8221;&#8221;][vc_column column_padding=&#8221;no-extra-padding&#8221; column_padding_tablet=&#8221;inherit&#8221; column_padding_phone=&#8221;inherit&#8221; column_padding_position=&#8221;all&#8221; column_element_spacing=&#8221;default&#8221; background_color_opacity=&#8221;1&#8243; background_hover_color_opacity=&#8221;1&#8243; column_shadow=&#8221;none&#8221; column_border_radius=&#8221;none&#8221; column_link_target=&#8221;_self&#8221; column_position=&#8221;default&#8221; gradient_direction=&#8221;left_to_right&#8221; overlay_strength=&#8221;0.3&#8243; width=&#8221;1\/3&#8243; tablet_width_inherit=&#8221;default&#8221; tablet_text_alignment=&#8221;default&#8221; phone_text_alignment=&#8221;default&#8221; animation_type=&#8221;default&#8221; bg_image_animation=&#8221;none&#8221; border_type=&#8221;simple&#8221; column_border_width=&#8221;none&#8221; column_border_style=&#8221;solid&#8221;][\/vc_column][vc_column column_padding=&#8221;no-extra-padding&#8221; column_padding_tablet=&#8221;inherit&#8221; column_padding_phone=&#8221;inherit&#8221; column_padding_position=&#8221;all&#8221; column_element_spacing=&#8221;default&#8221; background_color_opacity=&#8221;1&#8243; background_hover_color_opacity=&#8221;1&#8243; column_shadow=&#8221;none&#8221; column_border_radius=&#8221;none&#8221; column_link_target=&#8221;_self&#8221; column_position=&#8221;default&#8221; gradient_direction=&#8221;left_to_right&#8221; overlay_strength=&#8221;0.3&#8243; width=&#8221;1\/3&#8243; tablet_width_inherit=&#8221;default&#8221; tablet_text_alignment=&#8221;default&#8221; phone_text_alignment=&#8221;default&#8221; animation_type=&#8221;default&#8221; bg_image_animation=&#8221;none&#8221; border_type=&#8221;simple&#8221; column_border_width=&#8221;none&#8221; column_border_style=&#8221;solid&#8221;][vc_column_text]\n<p style=\"text-align: center;\"><a href=\"https:\/\/www.adlerschwarzwald.de\/en-gb\/our-claim\/#nachhaltigkeit\">Qualivo<\/a>-Fleisch- und Wurstwaren aus w\u00f6chentlicher Schlachtung!<\/p>\n<p><\/p>\n<p style=\"text-align: center;\">Unserem Adler Team ist es wichtig, eine hervorragende Qualit\u00e4t aus Baden W\u00fcrttemberg im Einklang mit der Natur und dem Mensch zu produzieren.<\/p>\n<p><\/p>\n<p style=\"text-align: center;\">Fragen Sie danach, wir beraten Sie gerne!<\/p>\n<p>\n[\/vc_column_text][\/vc_column][vc_column column_padding=&#8221;no-extra-padding&#8221; column_padding_tablet=&#8221;inherit&#8221; column_padding_phone=&#8221;inherit&#8221; column_padding_position=&#8221;all&#8221; column_element_spacing=&#8221;default&#8221; background_color_opacity=&#8221;1&#8243; background_hover_color_opacity=&#8221;1&#8243; column_shadow=&#8221;none&#8221; column_border_radius=&#8221;none&#8221; column_link_target=&#8221;_self&#8221; column_position=&#8221;default&#8221; gradient_direction=&#8221;left_to_right&#8221; overlay_strength=&#8221;0.3&#8243; width=&#8221;1\/3&#8243; tablet_width_inherit=&#8221;default&#8221; tablet_text_alignment=&#8221;default&#8221; phone_text_alignment=&#8221;default&#8221; animation_type=&#8221;default&#8221; bg_image_animation=&#8221;none&#8221; border_type=&#8221;simple&#8221; column_border_width=&#8221;none&#8221; column_border_style=&#8221;solid&#8221;][\/vc_column][\/vc_row][vc_row type=&#8221;full_width_background&#8221; full_screen_row_position=&#8221;middle&#8221; column_margin=&#8221;default&#8221; column_direction=&#8221;default&#8221; column_direction_tablet=&#8221;default&#8221; column_direction_phone=&#8221;default&#8221; bg_color=&#8221;#ffffff&#8221; scene_position=&#8221;center&#8221; top_padding=&#8221;100&#8243; constrain_group_1=&#8221;yes&#8221; bottom_padding=&#8221;100&#8243; text_color=&#8221;custom&#8221; custom_text_color=&#8221;#333333&#8243; text_align=&#8221;left&#8221; row_border_radius=&#8221;none&#8221; row_border_radius_applies=&#8221;bg&#8221; overflow=&#8221;visible&#8221; advanced_gradient_angle=&#8221;0&#8243; overlay_strength=&#8221;0.3&#8243; gradient_direction=&#8221;left_to_right&#8221; shape_divider_position=&#8221;bottom&#8221; bg_image_animation=&#8221;none&#8221; gradient_type=&#8221;default&#8221; shape_type=&#8221;&#8221;][vc_column column_padding=&#8221;no-extra-padding&#8221; column_padding_tablet=&#8221;inherit&#8221; column_padding_phone=&#8221;inherit&#8221; column_padding_position=&#8221;all&#8221; column_element_spacing=&#8221;default&#8221; background_color_opacity=&#8221;1&#8243; background_hover_color_opacity=&#8221;1&#8243; column_shadow=&#8221;none&#8221; column_border_radius=&#8221;none&#8221; column_link_target=&#8221;_self&#8221; column_position=&#8221;default&#8221; gradient_direction=&#8221;left_to_right&#8221; overlay_strength=&#8221;0.3&#8243; width=&#8221;1\/4&#8243; tablet_width_inherit=&#8221;default&#8221; tablet_text_alignment=&#8221;default&#8221; phone_text_alignment=&#8221;default&#8221; animation_type=&#8221;default&#8221; bg_image_animation=&#8221;none&#8221; border_type=&#8221;simple&#8221; column_border_width=&#8221;none&#8221; column_border_style=&#8221;solid&#8221;][vc_column_text]\n<h3>Werksverkauf Bonndorf<\/h3>\n<p>Adler Schwarzwald GmbH &amp; Co. KG<br \/>Am Lindenbuck 3<br \/>79848 Bonndorf im Schwarzwald<br \/>Tel: +49 7703 832 171<br \/><a href=\"https:\/\/www.google.com\/maps\/dir\/\/Am+Lindenbuck+3,+79848+Bonndorf+im+Schwarzwald\/@47.8206317,8.3150869,13z\/data=!3m1!4b1!4m9!4m8!1m0!1m5!1m1!1s0x47908bb3fadd565f:0x96f8958065994711!2m2!1d8.3501062!2d47.8205794!3e2\" target=\"_blank\" rel=\"noopener\">Route auf Google Maps planen<\/a><\/p>\n<p><strong>\u00d6ffnungszeiten:<\/strong><br \/>Montag &#8211; Mittwoch 9.00 Uhr \u2013 18.00 Uhr<br \/>Donnerstag und Freitag\u00a0 8.00 Uhr \u2013 18.00 Uhr Samstag\u00a0 8.00 Uhr \u2013 12.00 Uhr[\/vc_column_text][divider line_type=&#8221;No Line&#8221;][divider line_type=&#8221;No Line&#8221;][vc_column_text]<a class=\"mitPfeil\" href=\"https:\/\/www.adlerschwarzwald.de\/wp-content\/uploads\/2026\/04\/Netzangebot-02.04.-08.04.2026.pdf\" target=\"_blank\" rel=\"noopener\">Aktuelle Wochenangebote<\/a><\/p>\n<p><a class=\"mitPfeil\" href=\"https:\/\/www.adlerschwarzwald.de\/en-gb\/contact\/\">Kontakt f\u00fcr Vorbestellungen und andere Fragen<\/a>[\/vc_column_text][\/vc_column][vc_column column_padding=&#8221;no-extra-padding&#8221; column_padding_tablet=&#8221;inherit&#8221; column_padding_phone=&#8221;inherit&#8221; column_padding_position=&#8221;all&#8221; column_element_spacing=&#8221;default&#8221; background_color_opacity=&#8221;1&#8243; background_hover_color_opacity=&#8221;1&#8243; column_shadow=&#8221;none&#8221; column_border_radius=&#8221;none&#8221; column_link_target=&#8221;_self&#8221; column_position=&#8221;default&#8221; gradient_direction=&#8221;left_to_right&#8221; overlay_strength=&#8221;0.3&#8243; width=&#8221;1\/4&#8243; tablet_width_inherit=&#8221;default&#8221; tablet_text_alignment=&#8221;default&#8221; phone_text_alignment=&#8221;default&#8221; animation_type=&#8221;default&#8221; bg_image_animation=&#8221;none&#8221; border_type=&#8221;simple&#8221; column_border_width=&#8221;none&#8221; column_border_style=&#8221;solid&#8221;][vc_column_text]\n<h3>Werksverkauf Achern<\/h3>\n<p>Schwarzwaldfleisch GmbH<br \/>Severinstrasse 12<br \/>D-77855 Achern<br \/><a href=\"https:\/\/www.google.com\/maps\/dir\/\/Severinstra%C3%9Fe+12,+77855+Achern\/@48.6332767,8.0206374,13z\/data=!3m1!4b1!4m9!4m8!1m0!1m5!1m1!1s0x4796d9a419619279:0xfbab2b40ca70384a!2m2!1d8.0556567!2d48.6332253!3e2\" target=\"_blank\" rel=\"noopener\">Route auf Google Maps planen<\/a><\/p>\n<p>Telefon: +49 7841 2055 0<br \/>Fax: +49 7841 2055 74<br \/>E-Mail: <a href=\"mail&#116;&#111;&#58;&#105;&#110;&#102;&#111;&#x40;&#x73;&#x63;&#x68;&#x77;&#x61;&#x72;&#x7a;&#x77;aldf&#108;&#101;&#105;&#115;&#99;&#104;&#46;&#x64;&#x65;\">in&#102;&#111;&#64;&#x73;&#x63;&#x68;&#x77;&#x61;rz&#119;&#97;&#108;&#x64;&#x66;&#x6c;&#x65;&#x69;sc&#104;&#46;&#100;&#x65;<\/a><\/p>\n<p><strong>\u00d6ffnungszeiten:<\/strong><br \/>Montag \u2013 Freitag 8.00 Uhr \u2013 14:00 Uhr[\/vc_column_text][divider line_type=&#8221;No Line&#8221;][vc_column_text]<a class=\"mitPfeil\" href=\"https:\/\/www.schwarzwaldfleisch.de\/\" target=\"_blank\" rel=\"noopener\">To the Schwarzwaldfleisch website<\/a>[\/vc_column_text][\/vc_column][vc_column column_padding=&#8221;no-extra-padding&#8221; column_padding_tablet=&#8221;inherit&#8221; column_padding_phone=&#8221;inherit&#8221; column_padding_position=&#8221;all&#8221; column_element_spacing=&#8221;default&#8221; background_color_opacity=&#8221;1&#8243; background_hover_color_opacity=&#8221;1&#8243; column_shadow=&#8221;none&#8221; column_border_radius=&#8221;none&#8221; column_link_target=&#8221;_self&#8221; column_position=&#8221;default&#8221; gradient_direction=&#8221;left_to_right&#8221; overlay_strength=&#8221;0.3&#8243; width=&#8221;1\/4&#8243; tablet_width_inherit=&#8221;default&#8221; tablet_text_alignment=&#8221;default&#8221; phone_text_alignment=&#8221;default&#8221; animation_type=&#8221;default&#8221; bg_image_animation=&#8221;none&#8221; border_type=&#8221;simple&#8221; column_border_width=&#8221;none&#8221; column_border_style=&#8221;solid&#8221;][vc_column_text]\n<h3>Filiale Adler<\/h3>\n<p>Freiburger Str. 2<br \/>\n79853 Lenzkirch<br \/>\nTel: 07653 361<br \/>\nE-Mail: &#109;&#x65;t&#x7a;&#x67;&#101;&#x72;e&#x69;&#x2e;&#108;&#x65;n&#x7a;&#x6b;&#105;&#x72;c&#x68;&#x40;&#97;&#x64;l&#x65;&#x72;&#115;&#x63;h&#x77;&#x61;&#114;&#x7a;w&#x61;&#x6c;&#100;&#x2e;d&#x65;<br \/>\n<a href=\"https:\/\/www.google.com\/maps\/dir\/\/Auf+d.+Breite+17,+79865+Grafenhausen\/@47.7753136,8.2196773,13z\/data=!4m9!4m8!1m0!1m5!1m1!1s0x47905ff1bb9172ef:0x94252ed49242f432!2m2!1d8.2546966!2d47.7752612!3e0\" target=\"_blank\" rel=\"noopener\">Route auf Google Maps planen<\/a><\/p>\n<p><span data-teams=\"true\"><strong>\u00d6ffnungszeiten:<\/strong><br \/>\nMontag geschlossen<br \/>\nDienstag, Donnerstag &amp; Freitag 8.00 Uhr \u2013 13.30 Uhr, 14.30 Uhr &#8211; 18.00 Uhr<br \/>\nMittwoch 8.00 Uhr &#8211; 13.30 Uhr<br \/>\nSamstag\u00a0 8.00 Uhr \u2013 12.00 Uhr<\/span>[\/vc_column_text][\/vc_column][vc_column column_padding=&#8221;no-extra-padding&#8221; column_padding_tablet=&#8221;inherit&#8221; column_padding_phone=&#8221;inherit&#8221; column_padding_position=&#8221;all&#8221; column_element_spacing=&#8221;default&#8221; background_color_opacity=&#8221;1&#8243; background_hover_color_opacity=&#8221;1&#8243; column_shadow=&#8221;none&#8221; column_border_radius=&#8221;none&#8221; column_link_target=&#8221;_self&#8221; column_position=&#8221;default&#8221; gradient_direction=&#8221;left_to_right&#8221; overlay_strength=&#8221;0.3&#8243; width=&#8221;1\/4&#8243; tablet_width_inherit=&#8221;default&#8221; tablet_text_alignment=&#8221;default&#8221; phone_text_alignment=&#8221;default&#8221; animation_type=&#8221;default&#8221; bg_image_animation=&#8221;none&#8221; border_type=&#8221;simple&#8221; column_border_width=&#8221;none&#8221; column_border_style=&#8221;solid&#8221;][vc_column_text]\n<h3>Ulrich Preiser im Edeka Markt Fechtig<\/h3>\n<p>Auf der Breite 17<br \/>79865 Grafenhausen<br \/>Tel. und Fax: 07748 740<br \/><a href=\"https:\/\/www.google.com\/maps\/dir\/\/Auf+d.+Breite+17,+79865+Grafenhausen\/@47.7753136,8.2196773,13z\/data=!3m1!4b1!4m9!4m8!1m0!1m5!1m1!1s0x47905ff1bb9172ef:0x94252ed49242f432!2m2!1d8.2546966!2d47.7752612!3e2\" target=\"_blank\" rel=\"noopener\">Route auf Google Maps planen<\/a><\/p>\n<p>Hauptstr. 23<br \/>79777 \u00dchlingen<br \/>Tel. und Fax: 07743 910 43<br \/><a href=\"https:\/\/www.google.com\/maps\/dir\/\/Hauptstra%C3%9Fe+23,+79777+%C3%9Chlingen-Birkendorf\/@47.7198521,8.2834569,13z\/data=!3m1!4b1!4m9!4m8!1m0!1m5!1m1!1s0x47906117d108bf5b:0x2638a27a00c56ec1!2m2!1d8.3184762!2d47.7197997!3e2\" target=\"_blank\" rel=\"noopener\">Route auf Google Maps planen<\/a>[\/vc_column_text][\/vc_column][\/vc_row][vc_row type=&#8221;in_container&#8221; full_screen_row_position=&#8221;middle&#8221; column_margin=&#8221;default&#8221; column_direction=&#8221;default&#8221; column_direction_tablet=&#8221;default&#8221; column_direction_phone=&#8221;default&#8221; scene_position=&#8221;center&#8221; top_margin=&#8221;50&#8243; bottom_margin=&#8221;0&#8243; text_color=&#8221;dark&#8221; text_align=&#8221;left&#8221; row_border_radius=&#8221;none&#8221; row_border_radius_applies=&#8221;bg&#8221; overflow=&#8221;visible&#8221; advanced_gradient_angle=&#8221;0&#8243; overlay_strength=&#8221;0.3&#8243; gradient_direction=&#8221;left_to_right&#8221; shape_divider_position=&#8221;bottom&#8221; bg_image_animation=&#8221;none&#8221; gradient_type=&#8221;default&#8221; shape_type=&#8221;&#8221;][vc_column column_padding=&#8221;no-extra-padding&#8221; column_padding_tablet=&#8221;inherit&#8221; column_padding_phone=&#8221;inherit&#8221; column_padding_position=&#8221;all&#8221; column_element_spacing=&#8221;default&#8221; centered_text=&#8221;true&#8221; background_color_opacity=&#8221;1&#8243; background_hover_color_opacity=&#8221;1&#8243; column_shadow=&#8221;none&#8221; column_border_radius=&#8221;none&#8221; column_link_target=&#8221;_self&#8221; column_position=&#8221;default&#8221; advanced_gradient_angle=&#8221;0&#8243; gradient_direction=&#8221;left_to_right&#8221; overlay_strength=&#8221;0.3&#8243; width=&#8221;1\/1&#8243; tablet_width_inherit=&#8221;default&#8221; tablet_text_alignment=&#8221;default&#8221; phone_text_alignment=&#8221;default&#8221; animation_type=&#8221;default&#8221; bg_image_animation=&#8221;none&#8221; border_type=&#8221;simple&#8221; column_border_width=&#8221;none&#8221; column_border_style=&#8221;solid&#8221; gradient_type=&#8221;default&#8221;][nectar_icon icon_family=&#8221;fontawesome&#8221; icon_style=&#8221;default&#8221; icon_color_type=&#8221;color_scheme&#8221; icon_color=&#8221;white&#8221; icon_padding=&#8221;0px&#8221; icon_fontawesome=&#8221;fa fa-angle-down&#8221; icon_size=&#8221;60&#8243;][\/vc_column][\/vc_row][vc_row type=&#8221;in_container&#8221; full_screen_row_position=&#8221;middle&#8221; column_margin=&#8221;default&#8221; column_direction=&#8221;default&#8221; column_direction_tablet=&#8221;default&#8221; column_direction_phone=&#8221;default&#8221; scene_position=&#8221;center&#8221; top_margin=&#8221;100&#8243; text_color=&#8221;dark&#8221; text_align=&#8221;left&#8221; row_border_radius=&#8221;none&#8221; row_border_radius_applies=&#8221;bg&#8221; overflow=&#8221;visible&#8221; advanced_gradient_angle=&#8221;0&#8243; overlay_strength=&#8221;0.3&#8243; gradient_direction=&#8221;left_to_right&#8221; shape_divider_position=&#8221;bottom&#8221; bg_image_animation=&#8221;none&#8221; gradient_type=&#8221;default&#8221; shape_type=&#8221;&#8221;][vc_column column_padding=&#8221;padding-10-percent&#8221; column_padding_tablet=&#8221;inherit&#8221; column_padding_phone=&#8221;no-extra-padding&#8221; column_padding_position=&#8221;left-right&#8221; column_element_spacing=&#8221;default&#8221; background_color_opacity=&#8221;1&#8243; background_hover_color_opacity=&#8221;1&#8243; column_shadow=&#8221;none&#8221; column_border_radius=&#8221;none&#8221; column_link_target=&#8221;_self&#8221; column_position=&#8221;default&#8221; advanced_gradient_angle=&#8221;0&#8243; gradient_direction=&#8221;left_to_right&#8221; overlay_strength=&#8221;0.3&#8243; width=&#8221;2\/3&#8243; tablet_width_inherit=&#8221;default&#8221; tablet_text_alignment=&#8221;default&#8221; phone_text_alignment=&#8221;default&#8221; animation_type=&#8221;default&#8221; bg_image_animation=&#8221;none&#8221; border_type=&#8221;simple&#8221; column_border_width=&#8221;none&#8221; column_border_style=&#8221;solid&#8221; gradient_type=&#8221;default&#8221;][vc_custom_heading text=&#8221;<b>SHOP ONLINE<\/b> AT ADLER SCHWARZWALD ART&#8221; font_container=&#8221;tag:h1|font_size:4em|text_align:center|color:%23ffffff&#8221; google_fonts=&#8221;font_family:Open%20Sans%3A300%2C300italic%2Cregular%2Citalic%2C600%2C600italic%2C700%2C700italic%2C800%2C800italic|font_style:300%20light%20regular%3A300%3Anormal&#8221; css_animation=&#8221;bounceInUp&#8221;][vc_column_text]\n<p style=\"text-align: center;\"><em>Die feine Art des Schenkens<\/em><\/p>\n<p><\/p>\n<p style=\"text-align: center;\">Als repr\u00e4sentatives Geschenk oder als Dankesch\u00f6n f\u00fcr Mitarbeiter und Gesch\u00e4ftspartner \u2013 mit Liebe und Sorgfalt haben wir attraktive Schwarzw\u00e4lder Schinkenspezialit\u00e4ten f\u00fcr Gourmet- und Pr\u00e4sentsortiment zusammengestellt.<\/p>\n<p><\/p>\n<p style=\"text-align: center;\"><a class=\"mitPfeil\" href=\"http:\/\/www.schwarzwald-art.de\/\" target=\"_blank\" rel=\"noopener\">Zum Online-Shop<\/a><\/p>\n<p>\n[\/vc_column_text][\/vc_column][vc_column column_padding=&#8221;no-extra-padding&#8221; column_padding_tablet=&#8221;inherit&#8221; column_padding_phone=&#8221;inherit&#8221; column_padding_position=&#8221;all&#8221; column_element_spacing=&#8221;default&#8221; background_color_opacity=&#8221;1&#8243; background_hover_color_opacity=&#8221;1&#8243; column_shadow=&#8221;none&#8221; column_border_radius=&#8221;none&#8221; column_link_target=&#8221;_self&#8221; column_position=&#8221;default&#8221; gradient_direction=&#8221;left_to_right&#8221; overlay_strength=&#8221;0.3&#8243; width=&#8221;1\/3&#8243; tablet_width_inherit=&#8221;default&#8221; tablet_text_alignment=&#8221;default&#8221; phone_text_alignment=&#8221;default&#8221; animation_type=&#8221;default&#8221; bg_image_animation=&#8221;none&#8221; border_type=&#8221;simple&#8221; column_border_width=&#8221;none&#8221; column_border_style=&#8221;solid&#8221;][image_with_animation image_url=&#8221;1574&#8243; image_size=&#8221;full&#8221; animation_type=&#8221;entrance&#8221; animation=&#8221;Fade In&#8221; hover_animation=&#8221;none&#8221; alignment=&#8221;&#8221; border_radius=&#8221;none&#8221; box_shadow=&#8221;none&#8221; image_loading=&#8221;default&#8221; max_width=&#8221;100%&#8221; max_width_mobile=&#8221;default&#8221; img_link=&#8221;http:\/\/www.schwarzwald-art.de\/&#8221;][\/vc_column][\/vc_row]\n","protected":false},"excerpt":{"rendered":"<p>[vc_row type=&#8221;in_container&#8221; full_screen_row_position=&#8221;middle&#8221; column_margin=&#8221;default&#8221; column_direction=&#8221;default&#8221; column_direction_tablet=&#8221;default&#8221; column_direction_phone=&#8221;default&#8221; scene_position=&#8221;center&#8221; top_margin=&#8221;50&#8243; constrain_group_7=&#8221;yes&#8221; bottom_margin=&#8221;50&#8243; text_color=&#8221;dark&#8221; text_align=&#8221;left&#8221; row_border_radius=&#8221;none&#8221; row_border_radius_applies=&#8221;bg&#8221; overflow=&#8221;visible&#8221; advanced_gradient_angle=&#8221;0&#8243; overlay_strength=&#8221;0.3&#8243; gradient_direction=&#8221;left_to_right&#8221; shape_divider_position=&#8221;bottom&#8221; bg_image_animation=&#8221;none&#8221; gradient_type=&#8221;default&#8221; shape_type=&#8221;&#8221;][vc_column column_padding=&#8221;no-extra-padding&#8221; column_padding_tablet=&#8221;inherit&#8221; column_padding_phone=&#8221;inherit&#8221; column_padding_position=&#8221;all&#8221; column_element_spacing=&#8221;default&#8221; centered_text=&#8221;true&#8221; background_color_opacity=&#8221;1&#8243;&#8230;<\/p>\n","protected":false},"author":1,"featured_media":0,"parent":0,"menu_order":0,"comment_status":"closed","ping_status":"closed","template":"","meta":{"footnotes":""},"class_list":["post-2864","page","type-page","status-publish"],"yoast_head":"<!-- This site is optimized with the Yoast SEO plugin v27.5 - https:\/\/yoast.com\/product\/yoast-seo-wordpress\/ -->\n<title>Shopping - Adler Schwarzwald<\/title>\n<meta name=\"robots\" content=\"index, follow, max-snippet:-1, max-image-preview:large, max-video-preview:-1\" \/>\n<link rel=\"canonical\" href=\"https:\/\/www.adlerschwarzwald.de\/en-gb\/shopping\/\" \/>\n<meta property=\"og:locale\" content=\"en_GB\" \/>\n<meta property=\"og:type\" content=\"article\" \/>\n<meta property=\"og:title\" content=\"Shopping - Adler Schwarzwald\" \/>\n<meta property=\"og:description\" content=\"[vc_row type=&#8221;in_container&#8221; full_screen_row_position=&#8221;middle&#8221; column_margin=&#8221;default&#8221; column_direction=&#8221;default&#8221; column_direction_tablet=&#8221;default&#8221; column_direction_phone=&#8221;default&#8221; scene_position=&#8221;center&#8221; top_margin=&#8221;50&#8243; constrain_group_7=&#8221;yes&#8221; bottom_margin=&#8221;50&#8243; text_color=&#8221;dark&#8221; text_align=&#8221;left&#8221; row_border_radius=&#8221;none&#8221; row_border_radius_applies=&#8221;bg&#8221; overflow=&#8221;visible&#8221; advanced_gradient_angle=&#8221;0&#8243; overlay_strength=&#8221;0.3&#8243; gradient_direction=&#8221;left_to_right&#8221; shape_divider_position=&#8221;bottom&#8221; bg_image_animation=&#8221;none&#8221; gradient_type=&#8221;default&#8221; shape_type=&#8221;&#8221;][vc_column column_padding=&#8221;no-extra-padding&#8221; column_padding_tablet=&#8221;inherit&#8221; column_padding_phone=&#8221;inherit&#8221; column_padding_position=&#8221;all&#8221; column_element_spacing=&#8221;default&#8221; centered_text=&#8221;true&#8221; background_color_opacity=&#8221;1&#8243;...\" \/>\n<meta property=\"og:url\" content=\"https:\/\/www.adlerschwarzwald.de\/en-gb\/shopping\/\" \/>\n<meta property=\"og:site_name\" content=\"Adler Schwarzwald\" \/>\n<meta property=\"article:modified_time\" content=\"2026-04-07T09:36:32+00:00\" \/>\n<meta name=\"twitter:card\" content=\"summary_large_image\" \/>\n<meta name=\"twitter:label1\" content=\"Estimated reading time\" \/>\n\t<meta name=\"twitter:data1\" content=\"4 minutes\" \/>\n<script type=\"application\/ld+json\" class=\"yoast-schema-graph\">{\"@context\":\"https:\\\/\\\/schema.org\",\"@graph\":[{\"@type\":\"WebPage\",\"@id\":\"https:\\\/\\\/www.adlerschwarzwald.de\\\/en-gb\\\/shopping\\\/\",\"url\":\"https:\\\/\\\/www.adlerschwarzwald.de\\\/en-gb\\\/shopping\\\/\",\"name\":\"Shopping - Adler Schwarzwald\",\"isPartOf\":{\"@id\":\"https:\\\/\\\/www.adlerschwarzwald.de\\\/en-gb\\\/#website\"},\"datePublished\":\"2022-12-21T15:13:00+00:00\",\"dateModified\":\"2026-04-07T09:36:32+00:00\",\"breadcrumb\":{\"@id\":\"https:\\\/\\\/www.adlerschwarzwald.de\\\/en-gb\\\/shopping\\\/#breadcrumb\"},\"inLanguage\":\"en-GB\",\"potentialAction\":[{\"@type\":\"ReadAction\",\"target\":[\"https:\\\/\\\/www.adlerschwarzwald.de\\\/en-gb\\\/shopping\\\/\"]}]},{\"@type\":\"BreadcrumbList\",\"@id\":\"https:\\\/\\\/www.adlerschwarzwald.de\\\/en-gb\\\/shopping\\\/#breadcrumb\",\"itemListElement\":[{\"@type\":\"ListItem\",\"position\":1,\"name\":\"Startseite\",\"item\":\"https:\\\/\\\/www.adlerschwarzwald.de\\\/en-gb\\\/\"},{\"@type\":\"ListItem\",\"position\":2,\"name\":\"Shopping\"}]},{\"@type\":\"WebSite\",\"@id\":\"https:\\\/\\\/www.adlerschwarzwald.de\\\/en-gb\\\/#website\",\"url\":\"https:\\\/\\\/www.adlerschwarzwald.de\\\/en-gb\\\/\",\"name\":\"Adler Schwarzwald\",\"description\":\"Original Wurst- und Schinkenspezialit\u00e4ten\",\"potentialAction\":[{\"@type\":\"SearchAction\",\"target\":{\"@type\":\"EntryPoint\",\"urlTemplate\":\"https:\\\/\\\/www.adlerschwarzwald.de\\\/en-gb\\\/?s={search_term_string}\"},\"query-input\":{\"@type\":\"PropertyValueSpecification\",\"valueRequired\":true,\"valueName\":\"search_term_string\"}}],\"inLanguage\":\"en-GB\"}]}<\/script>\n<!-- \/ Yoast SEO plugin. -->","yoast_head_json":{"title":"Shopping - Adler Schwarzwald","robots":{"index":"index","follow":"follow","max-snippet":"max-snippet:-1","max-image-preview":"max-image-preview:large","max-video-preview":"max-video-preview:-1"},"canonical":"https:\/\/www.adlerschwarzwald.de\/en-gb\/shopping\/","og_locale":"en_GB","og_type":"article","og_title":"Shopping - Adler Schwarzwald","og_description":"[vc_row type=&#8221;in_container&#8221; full_screen_row_position=&#8221;middle&#8221; column_margin=&#8221;default&#8221; column_direction=&#8221;default&#8221; column_direction_tablet=&#8221;default&#8221; column_direction_phone=&#8221;default&#8221; scene_position=&#8221;center&#8221; top_margin=&#8221;50&#8243; constrain_group_7=&#8221;yes&#8221; bottom_margin=&#8221;50&#8243; text_color=&#8221;dark&#8221; text_align=&#8221;left&#8221; row_border_radius=&#8221;none&#8221; row_border_radius_applies=&#8221;bg&#8221; overflow=&#8221;visible&#8221; advanced_gradient_angle=&#8221;0&#8243; overlay_strength=&#8221;0.3&#8243; gradient_direction=&#8221;left_to_right&#8221; shape_divider_position=&#8221;bottom&#8221; bg_image_animation=&#8221;none&#8221; gradient_type=&#8221;default&#8221; shape_type=&#8221;&#8221;][vc_column column_padding=&#8221;no-extra-padding&#8221; column_padding_tablet=&#8221;inherit&#8221; column_padding_phone=&#8221;inherit&#8221; column_padding_position=&#8221;all&#8221; column_element_spacing=&#8221;default&#8221; centered_text=&#8221;true&#8221; background_color_opacity=&#8221;1&#8243;...","og_url":"https:\/\/www.adlerschwarzwald.de\/en-gb\/shopping\/","og_site_name":"Adler Schwarzwald","article_modified_time":"2026-04-07T09:36:32+00:00","twitter_card":"summary_large_image","twitter_misc":{"Estimated reading time":"4 minutes"},"schema":{"@context":"https:\/\/schema.org","@graph":[{"@type":"WebPage","@id":"https:\/\/www.adlerschwarzwald.de\/en-gb\/shopping\/","url":"https:\/\/www.adlerschwarzwald.de\/en-gb\/shopping\/","name":"Shopping - Adler Schwarzwald","isPartOf":{"@id":"https:\/\/www.adlerschwarzwald.de\/en-gb\/#website"},"datePublished":"2022-12-21T15:13:00+00:00","dateModified":"2026-04-07T09:36:32+00:00","breadcrumb":{"@id":"https:\/\/www.adlerschwarzwald.de\/en-gb\/shopping\/#breadcrumb"},"inLanguage":"en-GB","potentialAction":[{"@type":"ReadAction","target":["https:\/\/www.adlerschwarzwald.de\/en-gb\/shopping\/"]}]},{"@type":"BreadcrumbList","@id":"https:\/\/www.adlerschwarzwald.de\/en-gb\/shopping\/#breadcrumb","itemListElement":[{"@type":"ListItem","position":1,"name":"Startseite","item":"https:\/\/www.adlerschwarzwald.de\/en-gb\/"},{"@type":"ListItem","position":2,"name":"Shopping"}]},{"@type":"WebSite","@id":"https:\/\/www.adlerschwarzwald.de\/en-gb\/#website","url":"https:\/\/www.adlerschwarzwald.de\/en-gb\/","name":"Adler Schwarzwald","description":"Original Wurst- und Schinkenspezialit\u00e4ten","potentialAction":[{"@type":"SearchAction","target":{"@type":"EntryPoint","urlTemplate":"https:\/\/www.adlerschwarzwald.de\/en-gb\/?s={search_term_string}"},"query-input":{"@type":"PropertyValueSpecification","valueRequired":true,"valueName":"search_term_string"}}],"inLanguage":"en-GB"}]}},"_links":{"self":[{"href":"https:\/\/www.adlerschwarzwald.de\/en-gb\/wp-json\/wp\/v2\/pages\/2864","targetHints":{"allow":["GET"]}}],"collection":[{"href":"https:\/\/www.adlerschwarzwald.de\/en-gb\/wp-json\/wp\/v2\/pages"}],"about":[{"href":"https:\/\/www.adlerschwarzwald.de\/en-gb\/wp-json\/wp\/v2\/types\/page"}],"author":[{"embeddable":true,"href":"https:\/\/www.adlerschwarzwald.de\/en-gb\/wp-json\/wp\/v2\/users\/1"}],"replies":[{"embeddable":true,"href":"https:\/\/www.adlerschwarzwald.de\/en-gb\/wp-json\/wp\/v2\/comments?post=2864"}],"version-history":[{"count":53,"href":"https:\/\/www.adlerschwarzwald.de\/en-gb\/wp-json\/wp\/v2\/pages\/2864\/revisions"}],"predecessor-version":[{"id":5398,"href":"https:\/\/www.adlerschwarzwald.de\/en-gb\/wp-json\/wp\/v2\/pages\/2864\/revisions\/5398"}],"wp:attachment":[{"href":"https:\/\/www.adlerschwarzwald.de\/en-gb\/wp-json\/wp\/v2\/media?parent=2864"}],"curies":[{"name":"wp","href":"https:\/\/api.w.org\/{rel}","templated":true}]}}